{"id":908,"date":"2020-04-06T12:59:15","date_gmt":"2020-04-06T12:59:15","guid":{"rendered":"https:\/\/state-aid-online.eu\/?page_id=908"},"modified":"2020-04-06T13:27:52","modified_gmt":"2020-04-06T13:27:52","slug":"datenschutz","status":"publish","type":"page","link":"https:\/\/state-aid-online.eu\/de\/datenschutz\/","title":{"rendered":"Datenschutzerkl\u00e4rung"},"content":{"rendered":"\n<h3>der Europ\u00e4ischen Rechtsakademie TrierStand: 25. Juni 2018<br><\/h3>\n\n\n\n<h3>1.&nbsp; Wer ist f\u00fcr die Datenverarbeitung verantwortlich und an wen kann ich mich wenden?<\/h3>\n\n\n\n<p><strong>Die verantwortliche Stelle ist:<\/strong><\/p>\n\n\n\n<p>ERA Europ\u00e4ische Rechtsakademie<br>Metzer Allee 4<br>D-54295 Trier<\/p>\n\n\n\n<p>Telefon: +49 651 937370<br>E-Mail:&nbsp;<a href=\"mailto:%20info@era.int\">info@era.int<\/a><br><strong><br>Unseren Datenschutzbeauftragten erreichen Sie unter:<\/strong><\/p>\n\n\n\n<p>ERA Europ\u00e4ische Rechtsakademie<br>&#8211; Datenschutzbeauftragter &#8211;<br>Metzer Allee 4<br>D-54295 Trier<\/p>\n\n\n\n<p>E-Mail:&nbsp;<a href=\"mailto:datenschutz@era.int\">datenschutz@era.int<\/a><\/p>\n\n\n\n<h3>2.&nbsp; Welche Daten verarbeiten wir zu welchem Zweck?<\/h3>\n\n\n\n<p>Wir verarbeiten personenbezogene Daten, die wir entweder im Rahmen unserer Gesch\u00e4ftsbeziehung von Ihnen selbst erhalten oder die uns \u2013 soweit f\u00fcr die Erbringung unserer Dienstleistung erforderlich \u2013 von anderer Stelle (z. B. Ihrem Arbeitgeber, Ihrem Verband) berechtigt \u00fcbermittelt werden.<\/p>\n\n\n\n<p>Wir verarbeiten oder verwenden die nachstehend bezeichneten Arten personenbezogener Daten zu folgenden Zwecken:<\/p>\n\n\n\n<p><strong>a)&nbsp;&nbsp;&nbsp; Teilnehmerverwaltung<\/strong><\/p>\n\n\n\n<p>Zur Durchf\u00fchrung unserer Fortbildungsveranstaltungen oder zur Bereitstellung von E-learning oder anderen Dienstleistungen ben\u00f6tigen wir Ihren Namen und Ihre Adressdaten (Anschrift, Telefonnummer, E-Mail etc.) und ggf. Ihre Berufszugeh\u00f6rigkeit, um Sie zur Teilnahme zuzulassen und Ihnen einen reibungslosen Verlauf der Veranstaltung zu erm\u00f6glichen. Wir erfassen Ihre Teilnehmer- und\/oder Fortbildungsverlaufsdaten je nach Bedarf elektronisch und\/oder in Ausdrucken.<\/p>\n\n\n\n<p><strong>b)&nbsp;&nbsp;&nbsp; Ver\u00f6ffentlichung in Teilnehmer- und Unterschriftslisten<\/strong><\/p>\n\n\n\n<p>Die ERA erstellt f\u00fcr ihre Veranstaltungen Teilnehmerlisten und stellt diese den Teilnehmern im Rahmen der Veranstaltung zur Verf\u00fcgung. Sie dienen insbesondere der Bildung beruflicher Netzwerke und sind Teil der Veranstaltungsunterlagen. Bei von der Europ\u00e4ischen Kommission (ko-)finanzierten Veranstaltungen ist eine Teilnehmerliste auch der Kommission vorzulegen.<\/p>\n\n\n\n<p>Eine Teilnehmerliste enth\u00e4lt \u00fcblicherweise:<\/p>\n\n\n\n<ul><li>Titel, Vor- und Familienname<\/li><li>Berufsbezeichnung<\/li><li>Arbeitgeber<\/li><li>Adressdaten (nicht: Telefon)<\/li><\/ul>\n\n\n\n<p>Sie k\u00f6nnen der Aufnahme Ihrer Daten in solche Teilnehmerlisten widersprechen oder erkl\u00e4ren, dass nur bestimmte Daten nicht in die Liste aufgenommen werden sollen. In diesem Fall bitten wir Sie, sich bei der Buchung der jeweiligen Veranstaltung mit uns in Verbindung zu setzen bzw. uns sp\u00e4testens eine Woche vor Veranstaltungsbeginn zu informieren. Ein solcher Widerspruch ist bei EU-finanzierten Fortbildungsprojekten nicht m\u00f6glich.<\/p>\n\n\n\n<p><strong>c)&nbsp;&nbsp;&nbsp; Verwendung Ihrer E-Mail-Adresse f\u00fcr Informationssendungen<\/strong><br>Nach Ihrer Anmeldung zu unserem Newsletter oder f\u00fcr Infomails nutzen wir Ihre E-Mail-Adresse f\u00fcr Informationszwecke der ERA, bis Sie sich abmelden. Sie erhalten dabei regelm\u00e4\u00dfig nur zu dem von Ihnen ausgew\u00e4hlten Themenbereich Informationen \u00fcber unser Fortbildungsangebot sowie gelegentlich E-Mails aus speziellem Anlass, zum Beispiel eine Einladung zum Jahresempfang.<\/p>\n\n\n\n<p>Die Einwilligung zum Erhalt von Newsletter oder Infomails k\u00f6nnen Sie jederzeit mit Wirkung f\u00fcr die Zukunft widerrufen.<\/p>\n\n\n\n<p><strong>d)&nbsp;&nbsp;&nbsp; Sonstige Datenverarbeitung (Homepage\/Website)<\/strong><\/p>\n\n\n\n<p>Die Nutzung unserer Webseite ist grunds\u00e4tzlich ohne Angabe personenbezogener Daten m\u00f6glich. Soweit auf unseren Seiten personenbezogene Daten (beispielsweise Name, Anschrift oder E-Mail-Adresse) erhoben werden, erfolgt dies stets auf freiwilliger Basis und in der Regel nur zur Durchf\u00fchrung der von Ihnen angefragten Dienstleistung und f\u00fcr die weitere Korrespondenz mit Ihnen. Weitere Einzelheiten finden Sie im Anhang Website.<\/p>\n\n\n\n<h3>3.&nbsp; Auf welcher Rechtsgrundlage verarbeiten wir Ihre Daten?<\/h3>\n\n\n\n<p>Wir verarbeiten Ihre Daten im Einklang mit der Europ\u00e4ischen Datenschutz-Grundverordnung (DSGVO) und dem Bundesdatenschutzgesetz (BDSG):<\/p>\n\n\n\n<p><strong>a)&nbsp;&nbsp;&nbsp; Zur Erf\u00fcllung vertraglicher Pflichten (Art. 6 Abs. 1 lit. b DSGVO)<\/strong><\/p>\n\n\n\n<p>Dies betrifft die Verarbeitung von Daten zur Erbringung von Fortbildungsleistungen oder sonstiger Leistungen im Rahmen unserer Vertr\u00e4ge mit Teilnehmern, Referenten, Dienstleistern usw. Art und Umfang der Datenverarbeitung richten sich dabei nach dem konkreten Vertragszweck.<\/p>\n\n\n\n<p><strong>b)&nbsp;&nbsp;&nbsp; Aufgrund Ihrer Einwilligung (Art. 6 Abs. 1 li. a DSGVO)<\/strong><\/p>\n\n\n\n<p>Die Einwilligung zur Verarbeitung von personenbezogenen Daten ist insbesondere relevant f\u00fcr die Zusendung von Informationen. Eine erteilte Einwilligung kann jederzeit widerrufen werden. Dies gilt auch f\u00fcr den Widerruf von Einwilligungserkl\u00e4rungen, die vor dem Inkrafttreten der DSGVO, also vor dem 25. Mai 2018, erteilt wurden. Der Widerruf der Einwilligung ber\u00fchrt nicht die Rechtm\u00e4\u00dfigkeit der bis dahin verarbeiteten Daten.<\/p>\n\n\n\n<p><strong>c)&nbsp;&nbsp;&nbsp; Im Rahmen einer Interessenabw\u00e4gung (Art. 6 Abs. 1 lit. f), aufgrund gesetzlicher Vorgaben (Art. 6 Abs. 1 c DSGVO) oder im \u00f6ffentlichen Interesse (Art. 6 Abs. 1 e DSGVO)<\/strong><\/p>\n\n\n\n<p>Die Aufzeichnung oder Verarbeitung pers\u00f6nlicher Daten ist beispielsweise zul\u00e4ssig f\u00fcr die Video\u00fcberwachung in der Tiefgarage zur Verhinderung oder Aufkl\u00e4rung von Straftaten, f\u00fcr die Geltendmachung oder Abwehr rechtlicher Anspr\u00fcche, f\u00fcr Ma\u00dfnahmen zur Weiterentwicklung unserer Dienstleistungen oder zur Erf\u00fcllung handels- und steuerrechtlicher Aufbewahrungspflichten.<\/p>\n\n\n\n<h3>4.&nbsp; Wer hat Zugriff auf meine Daten?<\/h3>\n\n\n\n<p>Innerhalb der ERA erhalten nur diejenigen Stellen oder Personen Zugriff auf Ihre Daten, die diese zur Betreuung des Gesch\u00e4ftsverh\u00e4ltnisses oder zur Erbringung der von Ihnen gew\u00fcnschten Leistungen brauchen. Soweit die ERA in diesem Rahmen externe Dienstleister einsetzt, erfolgt auch deren Zugriff ausschlie\u00dflich zum Zwecke der Vertragserf\u00fcllung oder Leistungserbringung. Durch technische, organisatorische und rechtliche Ma\u00dfnahmen stellen wir die Einhaltung der datenschutzrechtlichen Vorgaben auch durch unsere externen Dienstleister sicher.<\/p>\n\n\n\n<p>Soweit externe Geldgeber, insbesondere die Europ\u00e4ische Union, ihre Finanzierung einer Veranstaltung von der Weitergabe der Teilnehmerdaten abh\u00e4ngig machen, setzt die Teilnahme an einer solchen Veranstaltung die Einwilligung in die Weitergabe voraus; darauf wird im Rahmen der Teilnehmeranmeldung ausdr\u00fccklich hingewiesen.<\/p>\n\n\n\n<p>Wir geben in keinem Fall Daten zu Werbezwecken an Dritte weiter.<\/p>\n\n\n\n<h3>5.&nbsp; Wie lange werden meine Daten gespeichert?<\/h3>\n\n\n\n<p>Die ERA verarbeitet und speichert Ihre personenbezogenen Daten, solange es f\u00fcr die Erf\u00fcllung ihrer vertraglichen oder gesetzlichen Pflichten erforderlich ist oder solange uns Ihre Einwilligung vorliegt.<\/p>\n\n\n\n<h3>6.&nbsp; Werden Daten in ein Drittland \u00fcbermittelt?<\/h3>\n\n\n\n<p>Ihre Daten werden ausschlie\u00dflich in der EU verarbeitet.<\/p>\n\n\n\n<h3>7.&nbsp; Welche Datenschutzrechte habe ich?<\/h3>\n\n\n\n<p>Jede betroffene Person hat ein Recht auf Auskunft (Artikel 15 DSGVO), ein Recht auf Berichtigung (Artikel 16 DSGVO), ein Recht auf L\u00f6schung (Artikel 17 DSGVO), ein Recht auf Einschr\u00e4nkung der Verarbeitung (Artikel 18 DSGVO), ein Recht auf Widerspruch (Artikel 21 DSGVO) sowie ein Recht auf Daten\u00fcbertragbarkeit (Artikel 20 DSGVO). F\u00fcr das Auskunfts- und L\u00f6schungsrecht gelten gewisse Einschr\u00e4nkungen (\u00a7\u00a7 34, 35 BDSG).<\/p>\n\n\n\n<h3>8.&nbsp; Gibt es f\u00fcr mich eine Pflicht zur Bereitstellung von Daten?<\/h3>\n\n\n\n<p>Im Rahmen unserer Gesch\u00e4ftsbeziehung m\u00fcssen Sie diejenigen personenbezogenen Daten bereitstellen, die f\u00fcr die Durchf\u00fchrung unserer Gesch\u00e4ftsbeziehung und erforderlich sind oder zu deren Erhebung wir gesetzlich verpflichtet sind.<\/p>\n\n\n\n<h3>9.&nbsp; \u00c4nderungen dieser Datenschutzerkl\u00e4rung<\/h3>\n\n\n\n<p>Der Stand dieser Datenschutzerkl\u00e4rung wird durch die Datumangabe zu Beginn kenntlich gemacht. Die ERA beh\u00e4lt sich das Recht vor, ihre Datenschutzerkl\u00e4rung jederzeit mit Wirkung f\u00fcr die Zukunft zu \u00e4ndern. Die jeweils g\u00fcltige Version ist stets \u00fcber unsere Website abrufbar.<br><\/p>\n\n\n\n<h3>Anhang Website<\/h3>\n\n\n\n<p>Erhebung und Speicherung technischer Daten zu systeminternen und statistischen Zwecken<\/p>\n\n\n\n<p>Bei jedem Zugriff auf unser Internetangebot \u00fcbermittelt Ihr Internet-Browser aus technischen Gr\u00fcnden automatisch die folgenden Daten an unseren Webserver:<\/p>\n\n\n\n<ul><li>Die aktuelle IP-Adresse des von Ihnen genutzten Internetanschlusses;<\/li><li>Falls Sie unsere Webseite \u00fcber einen Link besuchen, die Seite von der aus Sie uns besuchen;<\/li><li>Die Webseiten, die Sie innerhalb unseres Angebots besuchen;<\/li><li>Datum und Uhrzeit Ihres Besuches;<\/li><li>Das von Ihnen verwendete Betriebssystem, den Browsernamen (z.B. Internet Explorer, Firefox, etc.) und die Browserversion.<\/li><\/ul>\n\n\n\n<p>Diese Daten werden anonym gespeichert und dienen ausschlie\u00dflich statistischen Zwecken (etwa wie h\u00e4ufig die einzelnen Seiten unseres Angebotes besucht werden) oder der technischen Netzwerk- und System\u00fcberwachung, um St\u00f6rungen im Serverbetrieb feststellen zu k\u00f6nnen (Logfiles).<br>Einige Seiten unseres Online-Angebots nutzen Dienste oder Verweise auf andere Seiten. Durch Anklicken der Links werden die entsprechenden Seiten ge\u00f6ffnet, f\u00fcr die diese Datenschutzerkl\u00e4rung keine Anwendung findet. Einzelheiten zu den dort geltenden Bestimmungen entnehmen Sie bitte den entsprechenden Datenschutzerkl\u00e4rungen der einzelnen Anbieter. Sie finden diese unter:<\/p>\n\n\n\n<ul><li>Google Analytics (<a href=\"https:\/\/policies.google.com\/privacy?hl=en\" target=\"_blank\" rel=\"noreferrer noopener\">https:\/\/policies.google.com\/privacy?hl=en<\/a>)<\/li><li>Google Fonts (<a href=\"https:\/\/policies.google.com\/privacy?hl=en\" target=\"_blank\" rel=\"noreferrer noopener\">https:\/\/policies.google.com\/privacy?hl=en<\/a>)<\/li><li>Facebook Seite (<a href=\"https:\/\/www.facebook.com\/about\/privacy\/\" target=\"_blank\" rel=\"noreferrer noopener\">https:\/\/www.facebook.com\/about\/privacy\/<\/a>)<\/li><li>Fbcdn.net (<a href=\"https:\/\/www.facebook.com\/about\/privacy\/\" target=\"_blank\" rel=\"noreferrer noopener\">https:\/\/www.facebook.com\/about\/privacy\/<\/a>)<\/li><li>Piwik\/Mamoto (<a href=\"https:\/\/matomo.org\/privacy-policy\/\">https:\/\/matomo.org\/privacy-policy\/<\/a>)<\/li><li>Twitter (<a href=\"https:\/\/twitter.com\/de\/privacy\" target=\"_blank\" rel=\"noreferrer noopener\">https:\/\/twitter.com\/de\/privacy<\/a>)<\/li><li>Linkedin (<a href=\"https:\/\/www.linkedin.com\/legal\/privacy-policy?_l=en\" target=\"_blank\" rel=\"noreferrer noopener\">https:\/\/www.linkedin.com\/legal\/privacy-policy?_l=en<\/a>)<\/li><li>Fontawsome (<a href=\"https:\/\/fontawesome.com\/privacy\" target=\"_blank\" rel=\"noreferrer noopener\">https:\/\/fontawesome.com\/privacy<\/a>)<\/li><li>Bootstrapcdn (<a href=\"https:\/\/www.bootstrapcdn.com\/privacy-policy\/\" target=\"_blank\" rel=\"noreferrer noopener\">https:\/\/www.bootstrapcdn.com\/privacy-policy\/<\/a>)<\/li><li>Gstatic.com (<a href=\"https:\/\/better.fyi\/trackers\/gstatic.com\/\" target=\"_blank\" rel=\"noreferrer noopener\">https:\/\/better.fyi\/trackers\/gstatic.com\/<\/a>)<\/li><li>Machform (<a href=\"https:\/\/www.machform.com\/privacy-policy\/\" target=\"_blank\" rel=\"noreferrer noopener\">https:\/\/www.machform.com\/privacy-policy\/<\/a>)<\/li><li>Userite.com (<a href=\"http:\/\/userite.com\/\" target=\"_blank\" rel=\"noreferrer noopener\">http:\/\/userite.com<\/a>)<\/li><\/ul>\n\n\n\n<p>Unsere Website kann weitere Links zu anderen Websites enthalten. Diese Verlinkungen sind in der Regel als solche gekennzeichnet. Wir haben keinen Einfluss darauf, inwieweit auf den verlinkten Webseiten die geltenden Datenschutzbestimmungen eingehalten werden. Wir empfehlen daher, sich auch bei anderen Websites \u00fcber die jeweiligen Datenschutzerkl\u00e4rungen zu informieren.<\/p>\n\n\n\n<p>Diese Datenschutzerkl\u00e4rung gilt auch f\u00fcr den Bereich des wirtschaftlichen Gesch\u00e4ftsbetriebs der ERA (ECC).<\/p>\n\n\n\n<a href=\"#\" class=\"_brlbs-btn-cookie-preference borlabs-cookie-preference\">Cookie Einstellungen anpassen<\/a>\n","protected":false},"excerpt":{"rendered":"<p>der Europ\u00e4ischen Rechtsakademie TrierStand: 25. Juni 2018 1.&nbsp; Wer ist f\u00fcr die Datenverarbeitung verantwortlich und an wen kann ich mich wenden? Die verantwortliche Stelle ist: ERA Europ\u00e4ische RechtsakademieMetzer Allee 4D-54295 Trier Telefon: +49 651 937370E-Mail:&nbsp;info@era.intUnseren Datenschutzbeauftragten erreichen Sie unter: ERA<\/p>\n","protected":false},"author":1,"featured_media":0,"parent":0,"menu_order":0,"comment_status":"closed","ping_status":"closed","template":"","meta":[],"_links":{"self":[{"href":"https:\/\/state-aid-online.eu\/de\/wp-json\/wp\/v2\/pages\/908"}],"collection":[{"href":"https:\/\/state-aid-online.eu\/de\/wp-json\/wp\/v2\/pages"}],"about":[{"href":"https:\/\/state-aid-online.eu\/de\/wp-json\/wp\/v2\/types\/page"}],"author":[{"embeddable":true,"href":"https:\/\/state-aid-online.eu\/de\/wp-json\/wp\/v2\/users\/1"}],"replies":[{"embeddable":true,"href":"https:\/\/state-aid-online.eu\/de\/wp-json\/wp\/v2\/comments?post=908"}],"version-history":[{"count":3,"href":"https:\/\/state-aid-online.eu\/de\/wp-json\/wp\/v2\/pages\/908\/revisions"}],"predecessor-version":[{"id":929,"href":"https:\/\/state-aid-online.eu\/de\/wp-json\/wp\/v2\/pages\/908\/revisions\/929"}],"wp:attachment":[{"href":"https:\/\/state-aid-online.eu\/de\/wp-json\/wp\/v2\/media?parent=908"}],"curies":[{"name":"wp","href":"https:\/\/api.w.org\/{rel}","templated":true}]}}